{"id":3742,"date":"2026-01-09T13:22:54","date_gmt":"2026-01-09T13:22:54","guid":{"rendered":"https:\/\/nodig.fi\/tallbacka-puutarha-2025\/"},"modified":"2026-01-19T13:54:46","modified_gmt":"2026-01-19T13:54:46","slug":"tallbacka-puutarha-2025","status":"publish","type":"page","link":"https:\/\/nodig.fi\/fi\/tallbacka-puutarha-2025\/","title":{"rendered":"Tallbacka puutarha 2025"},"content":{"rendered":"\t\t<div data-elementor-type=\"wp-page\" data-elementor-id=\"3742\" class=\"elementor elementor-3742 elementor-3716\" data-elementor-post-type=\"page\">\n\t\t\t\t\t\t<section class=\"elementor-section elementor-top-section elementor-element elementor-element-f834fbc elementor-section-boxed elementor-section-height-default elementor-section-height-default\" data-id=\"f834fbc\" data-element_type=\"section\" data-e-type=\"section\">\n\t\t\t\t\t\t<div class=\"elementor-container elementor-column-gap-default\">\n\t\t\t\t\t<div class=\"elementor-column elementor-col-100 elementor-top-column elementor-element elementor-element-09e71e9\" data-id=\"09e71e9\" data-element_type=\"column\" data-e-type=\"column\">\n\t\t\t<div class=\"elementor-widget-wrap elementor-element-populated\">\n\t\t\t\t\t\t<div class=\"elementor-element elementor-element-e2fc61f elementor-widget elementor-widget-heading\" data-id=\"e2fc61f\" data-element_type=\"widget\" data-e-type=\"widget\" data-widget_type=\"heading.default\">\n\t\t\t\t<div class=\"elementor-widget-container\">\n\t\t\t\t\t<h2 class=\"elementor-heading-title elementor-size-default\">Vuosikertomus 2025<\/h2>\t\t\t\t<\/div>\n\t\t\t\t<\/div>\n\t\t\t\t\t<\/div>\n\t\t<\/div>\n\t\t\t\t\t<\/div>\n\t\t<\/section>\n\t\t\t\t<section class=\"elementor-section elementor-top-section elementor-element elementor-element-99baf07 elementor-section-boxed elementor-section-height-default elementor-section-height-default\" data-id=\"99baf07\" data-element_type=\"section\" data-e-type=\"section\">\n\t\t\t\t\t\t<div class=\"elementor-container elementor-column-gap-default\">\n\t\t\t\t\t<div class=\"elementor-column elementor-col-100 elementor-top-column elementor-element elementor-element-147b938\" data-id=\"147b938\" data-element_type=\"column\" data-e-type=\"column\">\n\t\t\t<div class=\"elementor-widget-wrap elementor-element-populated\">\n\t\t\t\t\t\t<section class=\"elementor-section elementor-inner-section elementor-element elementor-element-89fdbe0 elementor-section-boxed elementor-section-height-default elementor-section-height-default\" data-id=\"89fdbe0\" data-element_type=\"section\" data-e-type=\"section\">\n\t\t\t\t\t\t<div class=\"elementor-container elementor-column-gap-default\">\n\t\t\t\t\t<div class=\"elementor-column elementor-col-50 elementor-inner-column elementor-element elementor-element-f368a14\" data-id=\"f368a14\" data-element_type=\"column\" data-e-type=\"column\">\n\t\t\t<div class=\"elementor-widget-wrap elementor-element-populated\">\n\t\t\t\t\t\t<div class=\"elementor-element elementor-element-beb5190 elementor-widget elementor-widget-text-editor\" data-id=\"beb5190\" data-element_type=\"widget\" data-e-type=\"widget\" data-widget_type=\"text-editor.default\">\n\t\t\t\t<div class=\"elementor-widget-container\">\n\t\t\t\t\t\t\t\t\t<p>Kulunutta vuosi 2025 leimasi kest\u00e4vien toimintatapojen etsiminen sek\u00e4 viljelysesongin suunnitteluun ett\u00e4 toteuttamiseen. Laajennukset ja muutokset aiheuttivat my\u00f6s huolta henkil\u00f6kohtaisten voimavarojen riitt\u00e4vyydest\u00e4. Panostimme kovasti sy\u00f6t\u00e4viin perennoihin, erityisesti parsaan ja kuunliljaan, joita taimikasvatettiin ja istutettiin useita lajeja. Raja-aita naapuriin vaihdettiin vihre\u00e4\u00e4n metalliaitaan ja oja t\u00e4ytettiin.<\/p>\n\t\t\t\t\t\t\t\t<\/div>\n\t\t\t\t<\/div>\n\t\t\t\t\t<\/div>\n\t\t<\/div>\n\t\t\t\t<div class=\"elementor-column elementor-col-50 elementor-inner-column elementor-element elementor-element-2a6cb1b\" data-id=\"2a6cb1b\" data-element_type=\"column\" data-e-type=\"column\">\n\t\t\t<div class=\"elementor-widget-wrap elementor-element-populated\">\n\t\t\t\t\t\t<div class=\"elementor-element elementor-element-182330b elementor-widget elementor-widget-image\" data-id=\"182330b\" data-element_type=\"widget\" data-e-type=\"widget\" data-widget_type=\"image.default\">\n\t\t\t\t<div class=\"elementor-widget-container\">\n\t\t\t\t\t\t\t\t\t\t\t\t\t\t\t<img fetchpriority=\"high\" decoding=\"async\" width=\"225\" height=\"300\" src=\"https:\/\/nodig.fi\/wp-content\/uploads\/2026\/01\/20250809_190149-225x300.jpg\" class=\"attachment-medium size-medium wp-image-3719\" alt=\"\" srcset=\"https:\/\/nodig.fi\/wp-content\/uploads\/2026\/01\/20250809_190149-225x300.jpg 225w, https:\/\/nodig.fi\/wp-content\/uploads\/2026\/01\/20250809_190149-768x1024.jpg 768w, https:\/\/nodig.fi\/wp-content\/uploads\/2026\/01\/20250809_190149-1152x1536.jpg 1152w, https:\/\/nodig.fi\/wp-content\/uploads\/2026\/01\/20250809_190149-1536x2048.jpg 1536w, https:\/\/nodig.fi\/wp-content\/uploads\/2026\/01\/20250809_190149-scaled.jpg 1920w\" sizes=\"(max-width: 225px) 100vw, 225px\" \/>\t\t\t\t\t\t\t\t\t\t\t\t\t\t\t<\/div>\n\t\t\t\t<\/div>\n\t\t\t\t\t<\/div>\n\t\t<\/div>\n\t\t\t\t\t<\/div>\n\t\t<\/section>\n\t\t\t\t\t<\/div>\n\t\t<\/div>\n\t\t\t\t\t<\/div>\n\t\t<\/section>\n\t\t\t\t<section class=\"elementor-section elementor-top-section elementor-element elementor-element-dde9529 elementor-section-boxed elementor-section-height-default elementor-section-height-default\" data-id=\"dde9529\" data-element_type=\"section\" data-e-type=\"section\">\n\t\t\t\t\t\t<div class=\"elementor-container elementor-column-gap-default\">\n\t\t\t\t\t<div class=\"elementor-column elementor-col-100 elementor-top-column elementor-element elementor-element-601a1cb\" data-id=\"601a1cb\" data-element_type=\"column\" data-e-type=\"column\">\n\t\t\t<div class=\"elementor-widget-wrap elementor-element-populated\">\n\t\t\t\t\t\t<div class=\"elementor-element elementor-element-1af22bf elementor-widget-divider--separator-type-pattern elementor-widget-divider--view-line elementor-widget elementor-widget-divider\" data-id=\"1af22bf\" data-element_type=\"widget\" data-e-type=\"widget\" data-widget_type=\"divider.default\">\n\t\t\t\t<div class=\"elementor-widget-container\">\n\t\t\t\t\t\t\t<div class=\"elementor-divider\" style=\"--divider-pattern-url: url(&quot;data:image\/svg+xml,%3Csvg xmlns=&#039;http:\/\/www.w3.org\/2000\/svg&#039; preserveAspectRatio=&#039;none&#039; overflow=&#039;visible&#039; height=&#039;100%&#039; viewBox=&#039;0 0 24 24&#039; fill=&#039;none&#039; stroke=&#039;black&#039; stroke-width=&#039;1.6&#039; stroke-linecap=&#039;square&#039; stroke-miterlimit=&#039;10&#039;%3E%3Cpath d=&#039;M0,21c3.3,0,8.3-0.9,15.7-7.1c6.6-5.4,4.4-9.3,2.4-10.3c-3.4-1.8-7.7,1.3-7.3,8.8C11.2,20,17.1,21,24,21&#039;\/%3E%3C\/svg%3E&quot;);\">\n\t\t\t<span class=\"elementor-divider-separator\">\n\t\t\t\t\t\t<\/span>\n\t\t<\/div>\n\t\t\t\t\t\t<\/div>\n\t\t\t\t<\/div>\n\t\t\t\t<div class=\"elementor-element elementor-element-b46a2e4 elementor-widget elementor-widget-text-editor\" data-id=\"b46a2e4\" data-element_type=\"widget\" data-e-type=\"widget\" data-widget_type=\"text-editor.default\">\n\t\t\t\t<div class=\"elementor-widget-container\">\n\t\t\t\t\t\t\t\t\t<h4><span style=\"color: #e30513;\">SATUPUUTARHA<\/span><\/h4>\n<p>Puutarhan tien ja viljelypenkkien v\u00e4liin j\u00e4\u00e4v\u00e4\u00e4 rinnett\u00e4 on kutsuttu mets\u00e4puutarhaksi, mutta t\u00e4n\u00e4 vuonna siit\u00e4 alettiin muovata satupuutarhaa. Mets\u00e4nreunasta rakennettiin kymmenill\u00e4 kompostik\u00e4rryllisill\u00e4 hiljalleen viljelykelpoisempaa. Maastonmuodot ja valitut kasvit johtavat ajatukset kohti satujen ja mytologian maailmaa &#8211; ruusurinne Prinsessa Ruususen linnaan, valkoinen kirsikka kivisine seuralaisineen Lumikkiin ja kultaherukka Kultakutriin karhujen vieraana. Loppukes\u00e4ll\u00e4 innostuimme palavasti mesimarjoista. Muutamia kymmeni\u00e4 taimia, eri lajikkeita kuten ohje kuuluu, istutettiin saarnin, Maailmanpuun juurelle.<br \/><img decoding=\"async\" src=\"https:\/\/nodig.fi\/wp-content\/uploads\/2026\/01\/IMG_20250903_202321-225x300.jpg\" \/><\/p>\n\t\t\t\t\t\t\t\t<\/div>\n\t\t\t\t<\/div>\n\t\t\t\t\t<\/div>\n\t\t<\/div>\n\t\t\t\t\t<\/div>\n\t\t<\/section>\n\t\t\t\t<section class=\"elementor-section elementor-top-section elementor-element elementor-element-53e66f3 elementor-section-boxed elementor-section-height-default elementor-section-height-default\" data-id=\"53e66f3\" data-element_type=\"section\" data-e-type=\"section\">\n\t\t\t\t\t\t<div class=\"elementor-container elementor-column-gap-default\">\n\t\t\t\t\t<div class=\"elementor-column elementor-col-100 elementor-top-column elementor-element elementor-element-472de80\" data-id=\"472de80\" data-element_type=\"column\" data-e-type=\"column\">\n\t\t\t<div class=\"elementor-widget-wrap elementor-element-populated\">\n\t\t\t\t\t\t<div class=\"elementor-element elementor-element-fe8396b elementor-widget-divider--separator-type-pattern elementor-widget-divider--view-line elementor-widget elementor-widget-divider\" data-id=\"fe8396b\" data-element_type=\"widget\" data-e-type=\"widget\" data-widget_type=\"divider.default\">\n\t\t\t\t<div class=\"elementor-widget-container\">\n\t\t\t\t\t\t\t<div class=\"elementor-divider\" style=\"--divider-pattern-url: url(&quot;data:image\/svg+xml,%3Csvg xmlns=&#039;http:\/\/www.w3.org\/2000\/svg&#039; preserveAspectRatio=&#039;none&#039; overflow=&#039;visible&#039; height=&#039;100%&#039; viewBox=&#039;0 0 24 24&#039; fill=&#039;none&#039; stroke=&#039;black&#039; stroke-width=&#039;1.6&#039; stroke-linecap=&#039;square&#039; stroke-miterlimit=&#039;10&#039;%3E%3Cpath d=&#039;M0,21c3.3,0,8.3-0.9,15.7-7.1c6.6-5.4,4.4-9.3,2.4-10.3c-3.4-1.8-7.7,1.3-7.3,8.8C11.2,20,17.1,21,24,21&#039;\/%3E%3C\/svg%3E&quot;);\">\n\t\t\t<span class=\"elementor-divider-separator\">\n\t\t\t\t\t\t<\/span>\n\t\t<\/div>\n\t\t\t\t\t\t<\/div>\n\t\t\t\t<\/div>\n\t\t\t\t\t<\/div>\n\t\t<\/div>\n\t\t\t\t\t<\/div>\n\t\t<\/section>\n\t\t\t\t<section class=\"elementor-section elementor-top-section elementor-element elementor-element-d927963 elementor-section-boxed elementor-section-height-default elementor-section-height-default\" data-id=\"d927963\" data-element_type=\"section\" data-e-type=\"section\">\n\t\t\t\t\t\t<div class=\"elementor-container elementor-column-gap-default\">\n\t\t\t\t\t<div class=\"elementor-column elementor-col-100 elementor-top-column elementor-element elementor-element-de652a7\" data-id=\"de652a7\" data-element_type=\"column\" data-e-type=\"column\">\n\t\t\t<div class=\"elementor-widget-wrap elementor-element-populated\">\n\t\t\t\t\t\t<div class=\"elementor-element elementor-element-a5c06d7 elementor-widget elementor-widget-text-editor\" data-id=\"a5c06d7\" data-element_type=\"widget\" data-e-type=\"widget\" data-widget_type=\"text-editor.default\">\n\t\t\t\t<div class=\"elementor-widget-container\">\n\t\t\t\t\t\t\t\t\t<h4><span style=\"color: #e30513;\">Olavin l\u00e4hde<\/span><\/h4>\n<p>Vuoden ISO PROJEKTI oli lammen tai <em>Olavinl\u00e4hteen<\/em>, kuten p\u00e4\u00e4timme sen nimet\u00e4, suunnittelu ja rakentaminen. Maaliskuun kolmas p\u00e4iv\u00e4 kaivettiin, aiempien suunnitelmien ja piirustusten mukaisesti, noin 8 x 10 metrin kokoinen, vaihtuvavesinen lampi, maksimisyvyydelt\u00e4\u00e4n 1,8 metri\u00e4.<\/p>\n<p>Hopeasalava, sininen ja keltainen kriikuna, punakoivu, omenapuu ja alppiruusu tulevat reunustamaan lampimilj\u00f6\u00f6t\u00e4. Osmank\u00e4\u00e4mi, kotkansiipi ja isovesikrassi kuuluvat lammen sy\u00f6t\u00e4viin vesikasveihin. Itse lampeen istutettiin lumpeita ja vett\u00e4 pois johtavan puron yli valmistui 26.kes\u00e4kuuta silta. Olavinp\u00e4iv\u00e4n\u00e4, 29. hein\u00e4kuuta siunasi emeritus kirkkoherra Henric Schmidt l\u00e4hteen. Juhlatunnelmaa kohotti Tubat\u00e4mjarna-yhtyeen musiikki, Anders Fagerlundin ruokatarjoilu ja Daniela Franzellin \u00a0kertomus Santiago de Compostelan matkasta.<\/p>\n<p><img decoding=\"async\" class=\"alignnone wp-image-3724\" src=\"https:\/\/nodig.fi\/wp-content\/uploads\/2026\/01\/IMG_4768-300x225.jpg\" alt=\"\" width=\"371\" height=\"278\" srcset=\"https:\/\/nodig.fi\/wp-content\/uploads\/2026\/01\/IMG_4768-300x225.jpg 300w, https:\/\/nodig.fi\/wp-content\/uploads\/2026\/01\/IMG_4768-1024x768.jpg 1024w, https:\/\/nodig.fi\/wp-content\/uploads\/2026\/01\/IMG_4768-768x576.jpg 768w, https:\/\/nodig.fi\/wp-content\/uploads\/2026\/01\/IMG_4768-1536x1152.jpg 1536w, https:\/\/nodig.fi\/wp-content\/uploads\/2026\/01\/IMG_4768-2048x1536.jpg 2048w\" sizes=\"(max-width: 371px) 100vw, 371px\" \/><\/p>\n\t\t\t\t\t\t\t\t<\/div>\n\t\t\t\t<\/div>\n\t\t\t\t\t<\/div>\n\t\t<\/div>\n\t\t\t\t\t<\/div>\n\t\t<\/section>\n\t\t\t\t<section class=\"elementor-section elementor-top-section elementor-element elementor-element-2784a37 elementor-section-boxed elementor-section-height-default elementor-section-height-default\" data-id=\"2784a37\" data-element_type=\"section\" data-e-type=\"section\">\n\t\t\t\t\t\t<div class=\"elementor-container elementor-column-gap-default\">\n\t\t\t\t\t<div class=\"elementor-column elementor-col-100 elementor-top-column elementor-element elementor-element-bab095c\" data-id=\"bab095c\" data-element_type=\"column\" data-e-type=\"column\">\n\t\t\t<div class=\"elementor-widget-wrap elementor-element-populated\">\n\t\t\t\t\t\t<div class=\"elementor-element elementor-element-deee768 elementor-widget-divider--separator-type-pattern elementor-widget-divider--view-line elementor-widget elementor-widget-divider\" data-id=\"deee768\" data-element_type=\"widget\" data-e-type=\"widget\" data-widget_type=\"divider.default\">\n\t\t\t\t<div class=\"elementor-widget-container\">\n\t\t\t\t\t\t\t<div class=\"elementor-divider\" style=\"--divider-pattern-url: url(&quot;data:image\/svg+xml,%3Csvg xmlns=&#039;http:\/\/www.w3.org\/2000\/svg&#039; preserveAspectRatio=&#039;none&#039; overflow=&#039;visible&#039; height=&#039;100%&#039; viewBox=&#039;0 0 24 24&#039; fill=&#039;none&#039; stroke=&#039;black&#039; stroke-width=&#039;1.6&#039; stroke-linecap=&#039;square&#039; stroke-miterlimit=&#039;10&#039;%3E%3Cpath d=&#039;M0,21c3.3,0,8.3-0.9,15.7-7.1c6.6-5.4,4.4-9.3,2.4-10.3c-3.4-1.8-7.7,1.3-7.3,8.8C11.2,20,17.1,21,24,21&#039;\/%3E%3C\/svg%3E&quot;);\">\n\t\t\t<span class=\"elementor-divider-separator\">\n\t\t\t\t\t\t<\/span>\n\t\t<\/div>\n\t\t\t\t\t\t<\/div>\n\t\t\t\t<\/div>\n\t\t\t\t\t<\/div>\n\t\t<\/div>\n\t\t\t\t\t<\/div>\n\t\t<\/section>\n\t\t\t\t<section class=\"elementor-section elementor-top-section elementor-element elementor-element-9f4d37d elementor-section-boxed elementor-section-height-default elementor-section-height-default\" data-id=\"9f4d37d\" data-element_type=\"section\" data-e-type=\"section\">\n\t\t\t\t\t\t<div class=\"elementor-container elementor-column-gap-default\">\n\t\t\t\t\t<div class=\"elementor-column elementor-col-100 elementor-top-column elementor-element elementor-element-d6b2e14\" data-id=\"d6b2e14\" data-element_type=\"column\" data-e-type=\"column\">\n\t\t\t<div class=\"elementor-widget-wrap elementor-element-populated\">\n\t\t\t\t\t\t<div class=\"elementor-element elementor-element-1946874 elementor-widget elementor-widget-text-editor\" data-id=\"1946874\" data-element_type=\"widget\" data-e-type=\"widget\" data-widget_type=\"text-editor.default\">\n\t\t\t\t<div class=\"elementor-widget-container\">\n\t\t\t\t\t\t\t\t\t<h4><span style=\"color: #e30513;\">Tallboden<\/span><\/h4>\n<p>Sesongin l\u00e4hestyess\u00e4 loppuaan ja kokemusten taas lis\u00e4\u00e4nnytty\u00e4, p\u00e4\u00e4timme tehd\u00e4 toimintatapaamme suuren muutoksen. 14. syyskuuta alkoi TALLBODENin rakentaminen Sydmontien v\u00e4litt\u00f6m\u00e4\u00e4n l\u00e4heisyyteen, tarjoten mahdollisuuden vaivattomaan ja nopeaan asiointiin 24\/7 koko sesongin ajan. Haluamme tarjota parasta mahdollista laatua juuri parhaimpaan aikaan ja v\u00e4hent\u00e4\u00e4 siten h\u00e4vikki\u00e4. Tarjoamme my\u00f6s yhteisty\u00f6kumppaneillemme mahdollisuutta myyd\u00e4 tuotteitaan puodissa. Maksu hoituu Mobile Pay\u00b4lla. Avajaiset on tarkoitus pit\u00e4\u00e4 huhtikuussa.<br \/><img decoding=\"async\" src=\"https:\/\/nodig.fi\/wp-content\/uploads\/2026\/01\/IMG_20251116_105617-225x300.jpg\" \/><\/p>\n\t\t\t\t\t\t\t\t<\/div>\n\t\t\t\t<\/div>\n\t\t\t\t\t<\/div>\n\t\t<\/div>\n\t\t\t\t\t<\/div>\n\t\t<\/section>\n\t\t\t\t<\/div>\n\t\t","protected":false},"excerpt":{"rendered":"<p>Vuosikertomus 2025 Kulunutta vuosi 2025 leimasi kest\u00e4vien toimintatapojen etsiminen sek\u00e4 viljelysesongin suunnitteluun ett\u00e4 toteuttamiseen. Laajennukset ja muutokset aiheuttivat my\u00f6s huolta henkil\u00f6kohtaisten voimavarojen riitt\u00e4vyydest\u00e4. Panostimme kovasti sy\u00f6t\u00e4viin perennoihin, erityisesti parsaan ja kuunliljaan, joita taimikasvatettiin ja istutettiin useita lajeja. Raja-aita naapuriin vaihdettiin vihre\u00e4\u00e4n metalliaitaan ja oja t\u00e4ytettiin. SATUPUUTARHA Puutarhan tien ja viljelypenkkien v\u00e4liin j\u00e4\u00e4v\u00e4\u00e4 rinnett\u00e4 on kutsuttu [&hellip;]<\/p>\n","protected":false},"author":1,"featured_media":0,"parent":0,"menu_order":0,"comment_status":"closed","ping_status":"closed","template":"","meta":{"inline_featured_image":false,"site-sidebar-layout":"no-sidebar","site-content-layout":"page-builder","ast-site-content-layout":"default","site-content-style":"default","site-sidebar-style":"default","ast-global-header-display":"","ast-banner-title-visibility":"","ast-main-header-display":"","ast-hfb-above-header-display":"","ast-hfb-below-header-display":"","ast-hfb-mobile-header-display":"","site-post-title":"disabled","ast-breadcrumbs-content":"","ast-featured-img":"disabled","footer-sml-layout":"","ast-disable-related-posts":"","theme-transparent-header-meta":"","adv-header-id-meta":"","stick-header-meta":"","header-above-stick-meta":"","header-main-stick-meta":"","header-below-stick-meta":"","astra-migrate-meta-layouts":"default","ast-page-background-enabled":"default","ast-page-background-meta":{"desktop":{"background-color":"","background-image":"","background-repeat":"repeat","background-position":"center center","background-size":"auto","background-attachment":"scroll","background-type":"","background-media":"","overlay-type":"","overlay-color":"","overlay-opacity":"","overlay-gradient":""},"tablet":{"background-color":"","background-image":"","background-repeat":"repeat","background-position":"center center","background-size":"auto","background-attachment":"scroll","background-type":"","background-media":"","overlay-type":"","overlay-color":"","overlay-opacity":"","overlay-gradient":""},"mobile":{"background-color":"","background-image":"","background-repeat":"repeat","background-position":"center center","background-size":"auto","background-attachment":"scroll","background-type":"","background-media":"","overlay-type":"","overlay-color":"","overlay-opacity":"","overlay-gradient":""}},"ast-content-background-meta":{"desktop":{"background-color":"var(--ast-global-color-5)","background-image":"","background-repeat":"repeat","background-position":"center center","background-size":"auto","background-attachment":"scroll","background-type":"","background-media":"","overlay-type":"","overlay-color":"","overlay-opacity":"","overlay-gradient":""},"tablet":{"background-color":"var(--ast-global-color-5)","background-image":"","background-repeat":"repeat","background-position":"center center","background-size":"auto","background-attachment":"scroll","background-type":"","background-media":"","overlay-type":"","overlay-color":"","overlay-opacity":"","overlay-gradient":""},"mobile":{"background-color":"var(--ast-global-color-5)","background-image":"","background-repeat":"repeat","background-position":"center center","background-size":"auto","background-attachment":"scroll","background-type":"","background-media":"","overlay-type":"","overlay-color":"","overlay-opacity":"","overlay-gradient":""}},"footnotes":""},"class_list":["post-3742","page","type-page","status-publish","hentry"],"yoast_head":"<!-- This site is optimized with the Yoast SEO plugin v27.5 - https:\/\/yoast.com\/product\/yoast-seo-wordpress\/ -->\n<title>Tallbacka puutarha 2025 - Tallbacka No Dig Oy Ab<\/title>\n<meta name=\"robots\" content=\"index, follow, max-snippet:-1, max-image-preview:large, max-video-preview:-1\" \/>\n<link rel=\"canonical\" href=\"https:\/\/nodig.fi\/tallbacka-tradgard-2025\/\" \/>\n<meta property=\"og:locale\" content=\"fi_FI\" \/>\n<meta property=\"og:type\" content=\"article\" \/>\n<meta property=\"og:title\" content=\"Tallbacka puutarha 2025 - Tallbacka No Dig Oy Ab\" \/>\n<meta property=\"og:description\" content=\"Vuosikertomus 2025 Kulunutta vuosi 2025 leimasi kest\u00e4vien toimintatapojen etsiminen sek\u00e4 viljelysesongin suunnitteluun ett\u00e4 toteuttamiseen. Laajennukset ja muutokset aiheuttivat my\u00f6s huolta henkil\u00f6kohtaisten voimavarojen riitt\u00e4vyydest\u00e4. Panostimme kovasti sy\u00f6t\u00e4viin perennoihin, erityisesti parsaan ja kuunliljaan, joita taimikasvatettiin ja istutettiin useita lajeja. Raja-aita naapuriin vaihdettiin vihre\u00e4\u00e4n metalliaitaan ja oja t\u00e4ytettiin. SATUPUUTARHA Puutarhan tien ja viljelypenkkien v\u00e4liin j\u00e4\u00e4v\u00e4\u00e4 rinnett\u00e4 on kutsuttu [&hellip;]\" \/>\n<meta property=\"og:url\" content=\"https:\/\/nodig.fi\/tallbacka-tradgard-2025\/\" \/>\n<meta property=\"og:site_name\" content=\"Tallbacka No Dig Oy Ab\" \/>\n<meta property=\"article:publisher\" content=\"https:\/\/www.facebook.com\/TallbackaNoDig\/\" \/>\n<meta property=\"article:modified_time\" content=\"2026-01-19T13:54:46+00:00\" \/>\n<meta property=\"og:image\" content=\"https:\/\/nodig.fi\/wp-content\/uploads\/2026\/01\/20250809_190149-scaled.jpg\" \/>\n\t<meta property=\"og:image:width\" content=\"1920\" \/>\n\t<meta property=\"og:image:height\" content=\"2560\" \/>\n\t<meta property=\"og:image:type\" content=\"image\/jpeg\" \/>\n<meta name=\"twitter:card\" content=\"summary_large_image\" \/>\n<meta name=\"twitter:label1\" content=\"Arvioitu lukuaika\" \/>\n\t<meta name=\"twitter:data1\" content=\"1 minuutti\" \/>\n<script type=\"application\/ld+json\" class=\"yoast-schema-graph\">{\"@context\":\"https:\\\/\\\/schema.org\",\"@graph\":[{\"@type\":\"WebPage\",\"@id\":\"https:\\\/\\\/nodig.fi\\\/tallbacka-tradgard-2025\\\/\",\"url\":\"https:\\\/\\\/nodig.fi\\\/tallbacka-tradgard-2025\\\/\",\"name\":\"Tallbacka puutarha 2025 - Tallbacka No Dig Oy Ab\",\"isPartOf\":{\"@id\":\"https:\\\/\\\/nodig.fi\\\/#website\"},\"primaryImageOfPage\":{\"@id\":\"https:\\\/\\\/nodig.fi\\\/tallbacka-tradgard-2025\\\/#primaryimage\"},\"image\":{\"@id\":\"https:\\\/\\\/nodig.fi\\\/tallbacka-tradgard-2025\\\/#primaryimage\"},\"thumbnailUrl\":\"https:\\\/\\\/nodig.fi\\\/wp-content\\\/uploads\\\/2026\\\/01\\\/20250809_190149-225x300.jpg\",\"datePublished\":\"2026-01-09T13:22:54+00:00\",\"dateModified\":\"2026-01-19T13:54:46+00:00\",\"breadcrumb\":{\"@id\":\"https:\\\/\\\/nodig.fi\\\/tallbacka-tradgard-2025\\\/#breadcrumb\"},\"inLanguage\":\"fi\",\"potentialAction\":[{\"@type\":\"ReadAction\",\"target\":[\"https:\\\/\\\/nodig.fi\\\/tallbacka-tradgard-2025\\\/\"]}]},{\"@type\":\"ImageObject\",\"inLanguage\":\"fi\",\"@id\":\"https:\\\/\\\/nodig.fi\\\/tallbacka-tradgard-2025\\\/#primaryimage\",\"url\":\"https:\\\/\\\/nodig.fi\\\/wp-content\\\/uploads\\\/2026\\\/01\\\/20250809_190149-225x300.jpg\",\"contentUrl\":\"https:\\\/\\\/nodig.fi\\\/wp-content\\\/uploads\\\/2026\\\/01\\\/20250809_190149-225x300.jpg\"},{\"@type\":\"BreadcrumbList\",\"@id\":\"https:\\\/\\\/nodig.fi\\\/tallbacka-tradgard-2025\\\/#breadcrumb\",\"itemListElement\":[{\"@type\":\"ListItem\",\"position\":1,\"name\":\"Hem\",\"item\":\"https:\\\/\\\/nodig.fi\\\/\"},{\"@type\":\"ListItem\",\"position\":2,\"name\":\"Tallbacka puutarha 2025\"}]},{\"@type\":\"WebSite\",\"@id\":\"https:\\\/\\\/nodig.fi\\\/#website\",\"url\":\"https:\\\/\\\/nodig.fi\\\/\",\"name\":\"Nodig - Tallbacka Tr\u00e4dg\u00e5rd\",\"description\":\"\",\"publisher\":{\"@id\":\"https:\\\/\\\/nodig.fi\\\/#organization\"},\"potentialAction\":[{\"@type\":\"SearchAction\",\"target\":{\"@type\":\"EntryPoint\",\"urlTemplate\":\"https:\\\/\\\/nodig.fi\\\/?s={search_term_string}\"},\"query-input\":{\"@type\":\"PropertyValueSpecification\",\"valueRequired\":true,\"valueName\":\"search_term_string\"}}],\"inLanguage\":\"fi\"},{\"@type\":\"Organization\",\"@id\":\"https:\\\/\\\/nodig.fi\\\/#organization\",\"name\":\"Tallbacka No Dig Oy Ab\",\"url\":\"https:\\\/\\\/nodig.fi\\\/\",\"logo\":{\"@type\":\"ImageObject\",\"inLanguage\":\"fi\",\"@id\":\"https:\\\/\\\/nodig.fi\\\/#\\\/schema\\\/logo\\\/image\\\/\",\"url\":\"https:\\\/\\\/nodig.fi\\\/wp-content\\\/uploads\\\/2024\\\/02\\\/no_dig.png\",\"contentUrl\":\"https:\\\/\\\/nodig.fi\\\/wp-content\\\/uploads\\\/2024\\\/02\\\/no_dig.png\",\"width\":814,\"height\":814,\"caption\":\"Tallbacka No Dig Oy Ab\"},\"image\":{\"@id\":\"https:\\\/\\\/nodig.fi\\\/#\\\/schema\\\/logo\\\/image\\\/\"},\"sameAs\":[\"https:\\\/\\\/www.facebook.com\\\/TallbackaNoDig\\\/\"]}]}<\/script>\n<!-- \/ Yoast SEO plugin. -->","yoast_head_json":{"title":"Tallbacka puutarha 2025 - Tallbacka No Dig Oy Ab","robots":{"index":"index","follow":"follow","max-snippet":"max-snippet:-1","max-image-preview":"max-image-preview:large","max-video-preview":"max-video-preview:-1"},"canonical":"https:\/\/nodig.fi\/tallbacka-tradgard-2025\/","og_locale":"fi_FI","og_type":"article","og_title":"Tallbacka puutarha 2025 - Tallbacka No Dig Oy Ab","og_description":"Vuosikertomus 2025 Kulunutta vuosi 2025 leimasi kest\u00e4vien toimintatapojen etsiminen sek\u00e4 viljelysesongin suunnitteluun ett\u00e4 toteuttamiseen. Laajennukset ja muutokset aiheuttivat my\u00f6s huolta henkil\u00f6kohtaisten voimavarojen riitt\u00e4vyydest\u00e4. Panostimme kovasti sy\u00f6t\u00e4viin perennoihin, erityisesti parsaan ja kuunliljaan, joita taimikasvatettiin ja istutettiin useita lajeja. Raja-aita naapuriin vaihdettiin vihre\u00e4\u00e4n metalliaitaan ja oja t\u00e4ytettiin. SATUPUUTARHA Puutarhan tien ja viljelypenkkien v\u00e4liin j\u00e4\u00e4v\u00e4\u00e4 rinnett\u00e4 on kutsuttu [&hellip;]","og_url":"https:\/\/nodig.fi\/tallbacka-tradgard-2025\/","og_site_name":"Tallbacka No Dig Oy Ab","article_publisher":"https:\/\/www.facebook.com\/TallbackaNoDig\/","article_modified_time":"2026-01-19T13:54:46+00:00","og_image":[{"width":1920,"height":2560,"url":"https:\/\/nodig.fi\/wp-content\/uploads\/2026\/01\/20250809_190149-scaled.jpg","type":"image\/jpeg"}],"twitter_card":"summary_large_image","twitter_misc":{"Arvioitu lukuaika":"1 minuutti"},"schema":{"@context":"https:\/\/schema.org","@graph":[{"@type":"WebPage","@id":"https:\/\/nodig.fi\/tallbacka-tradgard-2025\/","url":"https:\/\/nodig.fi\/tallbacka-tradgard-2025\/","name":"Tallbacka puutarha 2025 - Tallbacka No Dig Oy Ab","isPartOf":{"@id":"https:\/\/nodig.fi\/#website"},"primaryImageOfPage":{"@id":"https:\/\/nodig.fi\/tallbacka-tradgard-2025\/#primaryimage"},"image":{"@id":"https:\/\/nodig.fi\/tallbacka-tradgard-2025\/#primaryimage"},"thumbnailUrl":"https:\/\/nodig.fi\/wp-content\/uploads\/2026\/01\/20250809_190149-225x300.jpg","datePublished":"2026-01-09T13:22:54+00:00","dateModified":"2026-01-19T13:54:46+00:00","breadcrumb":{"@id":"https:\/\/nodig.fi\/tallbacka-tradgard-2025\/#breadcrumb"},"inLanguage":"fi","potentialAction":[{"@type":"ReadAction","target":["https:\/\/nodig.fi\/tallbacka-tradgard-2025\/"]}]},{"@type":"ImageObject","inLanguage":"fi","@id":"https:\/\/nodig.fi\/tallbacka-tradgard-2025\/#primaryimage","url":"https:\/\/nodig.fi\/wp-content\/uploads\/2026\/01\/20250809_190149-225x300.jpg","contentUrl":"https:\/\/nodig.fi\/wp-content\/uploads\/2026\/01\/20250809_190149-225x300.jpg"},{"@type":"BreadcrumbList","@id":"https:\/\/nodig.fi\/tallbacka-tradgard-2025\/#breadcrumb","itemListElement":[{"@type":"ListItem","position":1,"name":"Hem","item":"https:\/\/nodig.fi\/"},{"@type":"ListItem","position":2,"name":"Tallbacka puutarha 2025"}]},{"@type":"WebSite","@id":"https:\/\/nodig.fi\/#website","url":"https:\/\/nodig.fi\/","name":"Nodig - Tallbacka Tr\u00e4dg\u00e5rd","description":"","publisher":{"@id":"https:\/\/nodig.fi\/#organization"},"potentialAction":[{"@type":"SearchAction","target":{"@type":"EntryPoint","urlTemplate":"https:\/\/nodig.fi\/?s={search_term_string}"},"query-input":{"@type":"PropertyValueSpecification","valueRequired":true,"valueName":"search_term_string"}}],"inLanguage":"fi"},{"@type":"Organization","@id":"https:\/\/nodig.fi\/#organization","name":"Tallbacka No Dig Oy Ab","url":"https:\/\/nodig.fi\/","logo":{"@type":"ImageObject","inLanguage":"fi","@id":"https:\/\/nodig.fi\/#\/schema\/logo\/image\/","url":"https:\/\/nodig.fi\/wp-content\/uploads\/2024\/02\/no_dig.png","contentUrl":"https:\/\/nodig.fi\/wp-content\/uploads\/2024\/02\/no_dig.png","width":814,"height":814,"caption":"Tallbacka No Dig Oy Ab"},"image":{"@id":"https:\/\/nodig.fi\/#\/schema\/logo\/image\/"},"sameAs":["https:\/\/www.facebook.com\/TallbackaNoDig\/"]}]}},"_links":{"self":[{"href":"https:\/\/nodig.fi\/fi\/wp-json\/wp\/v2\/pages\/3742","targetHints":{"allow":["GET"]}}],"collection":[{"href":"https:\/\/nodig.fi\/fi\/wp-json\/wp\/v2\/pages"}],"about":[{"href":"https:\/\/nodig.fi\/fi\/wp-json\/wp\/v2\/types\/page"}],"author":[{"embeddable":true,"href":"https:\/\/nodig.fi\/fi\/wp-json\/wp\/v2\/users\/1"}],"replies":[{"embeddable":true,"href":"https:\/\/nodig.fi\/fi\/wp-json\/wp\/v2\/comments?post=3742"}],"version-history":[{"count":5,"href":"https:\/\/nodig.fi\/fi\/wp-json\/wp\/v2\/pages\/3742\/revisions"}],"predecessor-version":[{"id":3892,"href":"https:\/\/nodig.fi\/fi\/wp-json\/wp\/v2\/pages\/3742\/revisions\/3892"}],"wp:attachment":[{"href":"https:\/\/nodig.fi\/fi\/wp-json\/wp\/v2\/media?parent=3742"}],"curies":[{"name":"wp","href":"https:\/\/api.w.org\/{rel}","templated":true}]}}